{"id":109,"date":"2025-12-03T21:21:05","date_gmt":"2025-12-03T21:21:05","guid":{"rendered":"http:\/\/festivaldumenhir.fr\/?page_id=109"},"modified":"2026-02-21T20:00:08","modified_gmt":"2026-02-21T20:00:08","slug":"infos-pratiques","status":"publish","type":"page","link":"https:\/\/festivaldumenhir.fr\/index.php\/infos-pratiques\/","title":{"rendered":"Infos Pratiques"},"content":{"rendered":"\n<h1 class=\"wp-block-heading has-text-align-center has-custom-texte-background-color has-background\" style=\"padding-top:var(--wp--preset--spacing--20);padding-right:var(--wp--preset--spacing--20);padding-bottom:0;padding-left:var(--wp--preset--spacing--20);font-size:clamp(2.629rem, 2.629rem + ((1vw - 0.2rem) * 3.952), 5rem);\">Infos pratiques<\/h1>\n\n\n\n<p class=\"has-text-align-center has-custom-texte-background-color has-background\" style=\"padding-top:0\">Pr\u00e9parez Votre Venue<\/p>\n\n\n\n<p class=\"has-text-align-center has-custom-entourage-color has-custom-fond-background-color has-text-color has-background has-link-color wp-elements-574c86ab970a1a7b35de85a7a0fd22fb\" style=\"padding-bottom:var(--wp--preset--spacing--10);font-size:clamp(0.984rem, 0.984rem + ((1vw - 0.2rem) * 0.86), 1.5rem);\">Rendez-vous le 11 Juillet 2026, sur le Terrain des Sports, \u00e0 Saint-Aubin-des-Ch\u00e2teaux !<\/p>\n\n\n\n<div class=\"wp-block-columns has-custom-fond-background-color has-background is-layout-flex wp-container-core-columns-is-layout-e79a657b wp-block-columns-is-layout-flex\" style=\"padding-top:0\">\n<div class=\"wp-block-column is-vertically-aligned-top has-custom-fond-background-color has-background is-layout-flow wp-container-core-column-is-layout-632c9269 wp-block-column-is-layout-flow\" style=\"padding-top:var(--wp--preset--spacing--10);padding-right:var(--wp--preset--spacing--10);padding-bottom:var(--wp--preset--spacing--10);padding-left:var(--wp--preset--spacing--10);flex-basis:25%\">\n<p class=\"has-text-align-center has-custom-fond-color has-custom-menhir-background-color has-text-color has-background has-link-color wp-elements-677c5ca8fa24d11dcc8ed154f021f64e\" style=\"margin-top:var(--wp--preset--spacing--10);margin-right:var(--wp--preset--spacing--10);margin-bottom:var(--wp--preset--spacing--10);margin-left:var(--wp--preset--spacing--10);padding-top:var(--wp--preset--spacing--10);padding-right:var(--wp--preset--spacing--10);padding-bottom:var(--wp--preset--spacing--10);padding-left:var(--wp--preset--spacing--10)\">O\u00f9 acheter mon billet ?<\/p>\n\n\n\n<div class=\"wp-block-buttons is-content-justification-center is-layout-flex wp-container-core-buttons-is-layout-a89b3969 wp-block-buttons-is-layout-flex\">\n<div class=\"wp-block-button\"><a class=\"wp-block-button__link has-custom-fond-color has-custom-entourage-background-color has-text-color has-background has-link-color wp-element-button\" href=\"http:\/\/festivaldumenhir.fr\/index.php\/infos-pratiques\/billetterie\/\" style=\"padding-top:var(--wp--preset--spacing--10);padding-right:var(--wp--preset--spacing--10);padding-bottom:var(--wp--preset--spacing--10);padding-left:var(--wp--preset--spacing--10)\">R\u00e9servez votre billet<\/a><\/div>\n<\/div>\n<\/div>\n\n\n\n<div class=\"wp-block-column is-layout-flow wp-block-column-is-layout-flow\" style=\"padding-top:var(--wp--preset--spacing--10);padding-right:var(--wp--preset--spacing--10);padding-bottom:var(--wp--preset--spacing--10);padding-left:var(--wp--preset--spacing--10);flex-basis:25%\">\n<p class=\"has-text-align-center has-custom-fond-color has-custom-menhir-background-color has-text-color has-background has-link-color wp-elements-807ed099b847253951d8da45ee556bf8\" style=\"margin-top:var(--wp--preset--spacing--10);margin-right:var(--wp--preset--spacing--10);margin-bottom:0;margin-left:var(--wp--preset--spacing--10);padding-top:var(--wp--preset--spacing--10);padding-right:var(--wp--preset--spacing--10);padding-bottom:var(--wp--preset--spacing--10);padding-left:var(--wp--preset--spacing--10)\">Comment venir ?<\/p>\n\n\n\n<p class=\"has-text-align-center has-custom-fond-color has-custom-menhir-background-color has-text-color has-background has-link-color has-small-font-size wp-elements-bd605b99a6f2650742082c438dc422db\" style=\"margin-top:0;margin-right:var(--wp--preset--spacing--10);margin-bottom:var(--wp--preset--spacing--10);margin-left:var(--wp--preset--spacing--10);padding-top:var(--wp--preset--spacing--10);padding-right:var(--wp--preset--spacing--10);padding-bottom:var(--wp--preset--spacing--10);padding-left:var(--wp--preset--spacing--10)\"><a href=\"https:\/\/www.google.com\/maps\/place\/Festival+du+menhir\/@47.7199007,-1.4921296,17z\/data=!3m1!4b1!4m6!3m5!1s0x480f49254766d319:0xa634ed94ab367fbc!8m2!3d47.7198971!4d-1.4895547!16s%2Fg%2F11v5r_pbt1?entry=ttu&amp;g_ep=EgoyMDI1MTExNy4wIKXMDSoASAFQAw%3D%3D\">Terrain des Sports, rue du Menhir, 44110 Saint-Aubin-des-Ch\u00e2teaux<\/a><\/p>\n<\/div>\n\n\n\n<div class=\"wp-block-column is-layout-flow wp-block-column-is-layout-flow\" style=\"padding-top:var(--wp--preset--spacing--10);padding-right:var(--wp--preset--spacing--10);padding-bottom:var(--wp--preset--spacing--10);padding-left:var(--wp--preset--spacing--10);flex-basis:25%\">\n<p class=\"has-text-align-center has-custom-fond-color has-custom-menhir-background-color has-text-color has-background has-link-color wp-elements-70f85e0e3208bf1bf215266308310dc1\" style=\"margin-top:var(--wp--preset--spacing--10);margin-right:var(--wp--preset--spacing--10);margin-bottom:var(--wp--preset--spacing--10);margin-left:var(--wp--preset--spacing--10);padding-top:var(--wp--preset--spacing--10);padding-right:var(--wp--preset--spacing--10);padding-bottom:var(--wp--preset--spacing--10);padding-left:var(--wp--preset--spacing--10)\">Bar &amp; restauration sur place<\/p>\n<\/div>\n\n\n\n<div class=\"wp-block-column is-layout-flow wp-block-column-is-layout-flow\" style=\"padding-top:var(--wp--preset--spacing--10);padding-right:var(--wp--preset--spacing--10);padding-bottom:var(--wp--preset--spacing--10);padding-left:var(--wp--preset--spacing--10);flex-basis:25%\">\n<p class=\"has-text-align-center has-custom-fond-color has-custom-menhir-background-color has-text-color has-background has-link-color wp-elements-c2b49a4f3000c093678fbb62e96a125f\" style=\"margin-top:var(--wp--preset--spacing--10);margin-right:var(--wp--preset--spacing--10);margin-bottom:0;margin-left:var(--wp--preset--spacing--10);padding-top:var(--wp--preset--spacing--10);padding-right:var(--wp--preset--spacing--10);padding-bottom:0;padding-left:var(--wp--preset--spacing--10)\">O\u00f9 dormir ? <\/p>\n\n\n\n<p class=\"has-text-align-center has-custom-fond-color has-custom-menhir-background-color has-text-color has-background has-link-color has-small-font-size wp-elements-d59a1875780bc4a396c8f46659c0095d\" style=\"margin-top:0;margin-right:var(--wp--preset--spacing--10);margin-bottom:var(--wp--preset--spacing--10);margin-left:var(--wp--preset--spacing--10);padding-top:0;padding-right:var(--wp--preset--spacing--10);padding-bottom:var(--wp--preset--spacing--10);padding-left:var(--wp--preset--spacing--10)\"><br>(Notre liste d&rsquo;h\u00e9bergements arrive bient\u00f4t ! <em>Professionnels : devenez <a href=\"http:\/\/festivaldumenhir.fr\/index.php\/partenaires\/\" data-type=\"page\" data-id=\"112\">partenaire<\/a> pour appara\u00eetre ici<\/em>)<\/p>\n<\/div>\n<\/div>\n\n\n\n<div class=\"wp-block-group is-layout-grid wp-container-core-group-is-layout-0d7989b9 wp-block-group-is-layout-grid\" style=\"padding-top:var(--wp--preset--spacing--10);padding-right:0;padding-bottom:var(--wp--preset--spacing--30);padding-left:var(--wp--preset--spacing--10)\">\n<div class=\"wp-block-group has-global-padding is-content-justification-right is-layout-constrained wp-container-core-group-is-layout-f1f2ed93 wp-block-group-is-layout-constrained\"><div class=\"aligncenter wp-block-site-logo wp-container-content-69bc4bdf\"><a href=\"https:\/\/festivaldumenhir.fr\/\" class=\"custom-logo-link\" rel=\"home\"><img loading=\"lazy\" decoding=\"async\" width=\"104\" height=\"89\" src=\"https:\/\/festivaldumenhir.fr\/wp-content\/uploads\/2025\/11\/IMG-20251115-WA0004-removebg-preview.png\" class=\"custom-logo\" alt=\"Festival du Menhir\" srcset=\"https:\/\/festivaldumenhir.fr\/wp-content\/uploads\/2025\/11\/IMG-20251115-WA0004-removebg-preview.png 500w, https:\/\/festivaldumenhir.fr\/wp-content\/uploads\/2025\/11\/IMG-20251115-WA0004-removebg-preview-300x259.png 300w\" sizes=\"auto, (max-width: 104px) 100vw, 104px\" \/><\/a><\/div><\/div>\n\n\n\n<p class=\"has-text-align-center has-small-font-size\" style=\"padding-top:var(--wp--preset--spacing--20);padding-right:0;padding-bottom:0;padding-left:var(--wp--preset--spacing--30)\">Festival du Menhir <br>44110 Saint-Aubin-des-Ch\u00e2teaux<\/p>\n\n\n\n<p class=\"has-text-align-center has-small-font-size wp-container-content-50b6c326\" style=\"margin-top:var(--wp--preset--spacing--20);margin-right:var(--wp--preset--spacing--30);margin-left:var(--wp--preset--spacing--30)\"><a href=\"https:\/\/festivaldumenhir.fr\/index.php\/2025\/12\/03\/mentions-legales\/\" data-type=\"post\" data-id=\"208\">Mentions l\u00e9gales <\/a><br><a href=\"https:\/\/festivaldumenhir.fr\/index.php\/2025\/12\/03\/cgv\/\" data-type=\"post\" data-id=\"227\">CGV<\/a><\/p>\n\n\n\n<div class=\"wp-block-columns are-vertically-aligned-center is-not-stacked-on-mobile wp-container-content-7fd912ad is-layout-flex wp-container-core-columns-is-layout-28f84493 wp-block-columns-is-layout-flex\">\n<div class=\"wp-block-column is-vertically-aligned-center is-layout-flow wp-block-column-is-layout-flow\">\n<figure class=\"wp-block-image aligncenter size-large is-resized\"><a href=\"https:\/\/www.instagram.com\/festivaldumenhir\/\"><img loading=\"lazy\" decoding=\"async\" width=\"1024\" height=\"768\" src=\"http:\/\/festivaldumenhir.fr\/wp-content\/uploads\/2025\/11\/Instagram-logo-roundet-jedesf-1024x768.png\" alt=\"\" class=\"wp-image-19\" style=\"aspect-ratio:1;object-fit:cover;width:40px\" srcset=\"https:\/\/festivaldumenhir.fr\/wp-content\/uploads\/2025\/11\/Instagram-logo-roundet-jedesf-1024x768.png 1024w, https:\/\/festivaldumenhir.fr\/wp-content\/uploads\/2025\/11\/Instagram-logo-roundet-jedesf-300x225.png 300w, https:\/\/festivaldumenhir.fr\/wp-content\/uploads\/2025\/11\/Instagram-logo-roundet-jedesf-768x576.png 768w, https:\/\/festivaldumenhir.fr\/wp-content\/uploads\/2025\/11\/Instagram-logo-roundet-jedesf-1536x1152.png 1536w, https:\/\/festivaldumenhir.fr\/wp-content\/uploads\/2025\/11\/Instagram-logo-roundet-jedesf.png 1600w\" sizes=\"auto, (max-width: 1024px) 100vw, 1024px\" \/><\/a><\/figure>\n<\/div>\n\n\n\n<div class=\"wp-block-column is-vertically-aligned-center is-layout-flow wp-block-column-is-layout-flow\" style=\"padding-top:0;padding-right:0;padding-bottom:0;padding-left:0\">\n<figure class=\"wp-block-image aligncenter size-large is-resized\" style=\"margin-top:0;margin-right:0;margin-bottom:0\"><a href=\"https:\/\/www.facebook.com\/profile.php?id=61585001060938\"><img loading=\"lazy\" decoding=\"async\" width=\"1024\" height=\"1024\" src=\"http:\/\/festivaldumenhir.fr\/wp-content\/uploads\/2025\/11\/facebook-logo-1024x1024.png\" alt=\"\" class=\"wp-image-280\" style=\"aspect-ratio:1;object-fit:cover;width:40px\" srcset=\"https:\/\/festivaldumenhir.fr\/wp-content\/uploads\/2025\/11\/facebook-logo-1024x1024.png 1024w, https:\/\/festivaldumenhir.fr\/wp-content\/uploads\/2025\/11\/facebook-logo-300x300.png 300w, https:\/\/festivaldumenhir.fr\/wp-content\/uploads\/2025\/11\/facebook-logo-150x150.png 150w, https:\/\/festivaldumenhir.fr\/wp-content\/uploads\/2025\/11\/facebook-logo-768x768.png 768w, https:\/\/festivaldumenhir.fr\/wp-content\/uploads\/2025\/11\/facebook-logo-1536x1536.png 1536w, https:\/\/festivaldumenhir.fr\/wp-content\/uploads\/2025\/11\/facebook-logo.png 2000w\" sizes=\"auto, (max-width: 1024px) 100vw, 1024px\" \/><\/a><\/figure>\n<\/div>\n\n\n\n<div class=\"wp-block-column is-vertically-aligned-center is-layout-flow wp-block-column-is-layout-flow\">\n<figure class=\"wp-block-image aligncenter size-large is-resized\"><a href=\"https:\/\/www.tiktok.com\/@festival.du.menhi\"><img loading=\"lazy\" decoding=\"async\" width=\"1024\" height=\"1024\" src=\"http:\/\/festivaldumenhir.fr\/wp-content\/uploads\/2026\/03\/8e41c3c7e067bf63c317ba7b0d6ce441-1024x1024.png\" alt=\"\" class=\"wp-image-434\" style=\"width:40px\" srcset=\"https:\/\/festivaldumenhir.fr\/wp-content\/uploads\/2026\/03\/8e41c3c7e067bf63c317ba7b0d6ce441-1024x1024.png 1024w, https:\/\/festivaldumenhir.fr\/wp-content\/uploads\/2026\/03\/8e41c3c7e067bf63c317ba7b0d6ce441-300x300.png 300w, https:\/\/festivaldumenhir.fr\/wp-content\/uploads\/2026\/03\/8e41c3c7e067bf63c317ba7b0d6ce441-150x150.png 150w, https:\/\/festivaldumenhir.fr\/wp-content\/uploads\/2026\/03\/8e41c3c7e067bf63c317ba7b0d6ce441-768x768.png 768w, https:\/\/festivaldumenhir.fr\/wp-content\/uploads\/2026\/03\/8e41c3c7e067bf63c317ba7b0d6ce441.png 1080w\" sizes=\"auto, (max-width: 1024px) 100vw, 1024px\" \/><\/a><\/figure>\n<\/div>\n\n\n\n<div class=\"wp-block-column is-layout-flow wp-block-column-is-layout-flow\" style=\"padding-top:var(--wp--preset--spacing--30);padding-bottom:var(--wp--preset--spacing--30)\">\n<figure class=\"wp-block-image size-large is-resized\"><a href=\"https:\/\/www.linkedin.com\/company\/festival-du-menhir\/\"><img loading=\"lazy\" decoding=\"async\" width=\"1024\" height=\"1024\" src=\"http:\/\/festivaldumenhir.fr\/wp-content\/uploads\/2025\/11\/linkedIn_PNG27-1024x1024.png\" alt=\"\" class=\"wp-image-277\" style=\"width:40px\" srcset=\"https:\/\/festivaldumenhir.fr\/wp-content\/uploads\/2025\/11\/linkedIn_PNG27-1024x1024.png 1024w, https:\/\/festivaldumenhir.fr\/wp-content\/uploads\/2025\/11\/linkedIn_PNG27-300x300.png 300w, https:\/\/festivaldumenhir.fr\/wp-content\/uploads\/2025\/11\/linkedIn_PNG27-150x150.png 150w, https:\/\/festivaldumenhir.fr\/wp-content\/uploads\/2025\/11\/linkedIn_PNG27-768x768.png 768w, https:\/\/festivaldumenhir.fr\/wp-content\/uploads\/2025\/11\/linkedIn_PNG27-1536x1536.png 1536w, https:\/\/festivaldumenhir.fr\/wp-content\/uploads\/2025\/11\/linkedIn_PNG27-2048x2048.png 2048w\" sizes=\"auto, (max-width: 1024px) 100vw, 1024px\" \/><\/a><\/figure>\n<\/div>\n<\/div>\n<\/div>\n","protected":false},"excerpt":{"rendered":"<p>Infos pratiques Pr\u00e9parez Votre Venue Rendez-vous le 11 Juillet 2026, sur le Terrain des Sports, \u00e0 Saint-Aubin-des-Ch\u00e2teaux ! O\u00f9 acheter mon billet ? Comment venir ? Terrain des Sports, rue du Menhir, 44110 Saint-Aubin-des-Ch\u00e2teaux Bar &amp; restauration sur place O\u00f9 dormir ? (Notre liste d&rsquo;h\u00e9bergements arrive bient\u00f4t ! Professionnels : devenez partenaire pour appara\u00eetre ici)<\/p>\n","protected":false},"author":1,"featured_media":0,"parent":0,"menu_order":0,"comment_status":"closed","ping_status":"closed","template":"page-daccueil","meta":{"footnotes":""},"class_list":["post-109","page","type-page","status-publish","hentry"],"jetpack_sharing_enabled":true,"_links":{"self":[{"href":"https:\/\/festivaldumenhir.fr\/index.php\/wp-json\/wp\/v2\/pages\/109","targetHints":{"allow":["GET"]}}],"collection":[{"href":"https:\/\/festivaldumenhir.fr\/index.php\/wp-json\/wp\/v2\/pages"}],"about":[{"href":"https:\/\/festivaldumenhir.fr\/index.php\/wp-json\/wp\/v2\/types\/page"}],"author":[{"embeddable":true,"href":"https:\/\/festivaldumenhir.fr\/index.php\/wp-json\/wp\/v2\/users\/1"}],"replies":[{"embeddable":true,"href":"https:\/\/festivaldumenhir.fr\/index.php\/wp-json\/wp\/v2\/comments?post=109"}],"version-history":[{"count":16,"href":"https:\/\/festivaldumenhir.fr\/index.php\/wp-json\/wp\/v2\/pages\/109\/revisions"}],"predecessor-version":[{"id":421,"href":"https:\/\/festivaldumenhir.fr\/index.php\/wp-json\/wp\/v2\/pages\/109\/revisions\/421"}],"wp:attachment":[{"href":"https:\/\/festivaldumenhir.fr\/index.php\/wp-json\/wp\/v2\/media?parent=109"}],"curies":[{"name":"wp","href":"https:\/\/api.w.org\/{rel}","templated":true}]}}