{"id":112,"date":"2025-12-03T21:15:02","date_gmt":"2025-12-03T21:15:02","guid":{"rendered":"http:\/\/festivaldumenhir.fr\/?page_id=112"},"modified":"2026-03-20T10:16:00","modified_gmt":"2026-03-20T10:16:00","slug":"partenaires","status":"publish","type":"page","link":"https:\/\/festivaldumenhir.fr\/index.php\/partenaires\/","title":{"rendered":"Partenaires"},"content":{"rendered":"\n<h1 class=\"wp-block-heading has-text-align-center is-style-default has-custom-texte-background-color has-background\" style=\"padding-top:var(--wp--preset--spacing--10);padding-right:0;padding-bottom:0;padding-left:0;font-size:clamp(2.629rem, 2.629rem + ((1vw - 0.2rem) * 3.952), 5rem);\">PARTENAIRES<\/h1>\n\n\n\n<p class=\"has-text-align-center has-custom-texte-background-color has-background\" style=\"padding-top:0\">Un Grand Merci \u00e0 Nos Soutiens !<\/p>\n\n\n\n<p class=\"has-text-align-center has-custom-entourage-color has-custom-fond-background-color has-text-color has-background has-link-color wp-elements-700c1db6baf4bd5dfe4400463f5444ea\">Le Festival du Menhir est le fruit d&rsquo;une passion partag\u00e9e. Nous sommes fiers de compter sur la confiance et l&rsquo;engagement d&rsquo;acteurs locaux, r\u00e9gionaux et nationaux, qui partagent nos valeurs d&rsquo;ancrage territorial et d&rsquo;\u00e9clectisme. Leur soutien est essentiel \u00e0 la r\u00e9ussite de chaque \u00e9dition.<\/p>\n\n\n\n<div class=\"wp-block-columns has-custom-fond-background-color has-background is-layout-flex wp-container-core-columns-is-layout-e79a657b wp-block-columns-is-layout-flex\" style=\"padding-top:0\">\n<div class=\"wp-block-column is-layout-flow wp-container-core-column-is-layout-c9ddcc8d wp-block-column-is-layout-flow\" style=\"padding-top:0;padding-right:var(--wp--preset--spacing--10);padding-bottom:0;padding-left:var(--wp--preset--spacing--10);flex-basis:50%\">\n<p class=\"has-text-align-center has-custom-entourage-color has-custom-fond-background-color has-text-color has-background has-link-color wp-elements-ba1dce857b2cda318227b1cde1ae7fc7\"><strong>Partenaires Institutionnels<\/strong><\/p>\n\n\n\n<div class=\"wp-block-columns is-layout-flex wp-container-core-columns-is-layout-28f84493 wp-block-columns-is-layout-flex\">\n<div class=\"wp-block-column is-layout-flow wp-block-column-is-layout-flow\" style=\"padding-top:var(--wp--preset--spacing--10);padding-right:var(--wp--preset--spacing--10);padding-bottom:var(--wp--preset--spacing--10);padding-left:var(--wp--preset--spacing--10)\">\n<figure class=\"wp-block-image aligncenter size-full is-resized\"><a href=\"https:\/\/www.saint-aubin-des-chateaux.fr\/\"><img loading=\"lazy\" decoding=\"async\" width=\"149\" height=\"142\" src=\"https:\/\/festivaldumenhir.fr\/wp-content\/uploads\/2025\/11\/3.jpg\" alt=\"\" class=\"wp-image-198\" style=\"width:110px\"\/><\/a><\/figure>\n<\/div>\n\n\n\n<div class=\"wp-block-column is-layout-flow wp-block-column-is-layout-flow\" style=\"padding-top:var(--wp--preset--spacing--10);padding-right:var(--wp--preset--spacing--10);padding-bottom:var(--wp--preset--spacing--10);padding-left:var(--wp--preset--spacing--10)\">\n<figure class=\"wp-block-image size-full is-resized\" style=\"margin-top:0;margin-bottom:0\"><a href=\"https:\/\/www.cc-chateaubriant-derval.fr\/\"><img loading=\"lazy\" decoding=\"async\" width=\"474\" height=\"488\" src=\"http:\/\/festivaldumenhir.fr\/wp-content\/uploads\/2026\/02\/OIP.jpg\" alt=\"\" class=\"wp-image-406\" style=\"width:110px\" srcset=\"https:\/\/festivaldumenhir.fr\/wp-content\/uploads\/2026\/02\/OIP.jpg 474w, https:\/\/festivaldumenhir.fr\/wp-content\/uploads\/2026\/02\/OIP-291x300.jpg 291w\" sizes=\"auto, (max-width: 474px) 100vw, 474px\" \/><\/a><\/figure>\n<\/div>\n\n\n\n<div class=\"wp-block-column is-layout-flow wp-block-column-is-layout-flow\">\n<figure class=\"wp-block-image size-full is-resized\" style=\"margin-top:var(--wp--preset--spacing--10);margin-bottom:var(--wp--preset--spacing--10)\"><a href=\"https:\/\/passculture.app\/lieu\/156062\"><img loading=\"lazy\" decoding=\"async\" width=\"1983\" height=\"1983\" src=\"https:\/\/festivaldumenhir.fr\/wp-content\/uploads\/2026\/03\/logo-pass-culture-1-png-16162.png\" alt=\"\" class=\"wp-image-442\" style=\"width:110px\" srcset=\"https:\/\/festivaldumenhir.fr\/wp-content\/uploads\/2026\/03\/logo-pass-culture-1-png-16162.png 1983w, https:\/\/festivaldumenhir.fr\/wp-content\/uploads\/2026\/03\/logo-pass-culture-1-png-16162-300x300.png 300w, https:\/\/festivaldumenhir.fr\/wp-content\/uploads\/2026\/03\/logo-pass-culture-1-png-16162-1024x1024.png 1024w, https:\/\/festivaldumenhir.fr\/wp-content\/uploads\/2026\/03\/logo-pass-culture-1-png-16162-150x150.png 150w, https:\/\/festivaldumenhir.fr\/wp-content\/uploads\/2026\/03\/logo-pass-culture-1-png-16162-768x768.png 768w, https:\/\/festivaldumenhir.fr\/wp-content\/uploads\/2026\/03\/logo-pass-culture-1-png-16162-1536x1536.png 1536w\" sizes=\"auto, (max-width: 1983px) 100vw, 1983px\" \/><\/a><\/figure>\n<\/div>\n<\/div>\n<\/div>\n\n\n\n<div class=\"wp-block-column is-vertically-aligned-center has-custom-entourage-color has-custom-fond-background-color has-text-color has-background has-link-color wp-elements-fbd1b70e3aef019c492965f458349a5c is-layout-flow wp-block-column-is-layout-flow\" style=\"padding-right:var(--wp--preset--spacing--10);padding-left:var(--wp--preset--spacing--10);flex-basis:50%\">\n<p class=\"has-text-align-center\" style=\"margin-top:0;margin-bottom:0;padding-top:var(--wp--preset--spacing--20);padding-bottom:var(--wp--preset--spacing--20)\"><strong>Partenaires Priv\u00e9s<\/strong><\/p>\n\n\n\n<div class=\"wp-block-columns is-layout-flex wp-container-core-columns-is-layout-28f84493 wp-block-columns-is-layout-flex\">\n<div class=\"wp-block-column is-layout-flow wp-block-column-is-layout-flow\"><\/div>\n\n\n\n<div class=\"wp-block-column is-layout-flow wp-block-column-is-layout-flow\"><\/div>\n\n\n\n<div class=\"wp-block-column is-layout-flow wp-block-column-is-layout-flow\"><\/div>\n<\/div>\n<\/div>\n<\/div>\n\n\n\n<h3 class=\"wp-block-heading has-text-align-center has-custom-entourage-color has-custom-fond-background-color has-text-color has-background has-link-color wp-elements-1047355da0e559f5abe3773a7136dda8\" style=\"padding-top:var(--wp--preset--spacing--10);padding-bottom:0\">Rejoignez l&rsquo;Aventure Menhir 2026 !<\/h3>\n\n\n\n<p class=\"has-text-align-center has-custom-entourage-color has-custom-fond-background-color has-text-color has-background has-link-color wp-elements-784defe5e5a4c0e6a39ba09fd6636228\">Donnez de la visibilit\u00e9 \u00e0 votre entreprise en associant votre image \u00e0 un \u00e9v\u00e9nement culturel de Loire-Atlantique. Nous proposons des solutions de partenariat sur mesure, adapt\u00e9es \u00e0 vos objectifs.<\/p>\n\n\n\n<div class=\"wp-block-columns is-layout-flex wp-container-core-columns-is-layout-28f84493 wp-block-columns-is-layout-flex\">\n<div class=\"wp-block-column is-layout-flow wp-block-column-is-layout-flow\" style=\"flex-basis:100%\">\n<div class=\"wp-block-buttons has-custom-fond-background-color has-background is-content-justification-center is-layout-flex wp-container-core-buttons-is-layout-1ae2663a wp-block-buttons-is-layout-flex\" style=\"padding-bottom:var(--wp--preset--spacing--50)\">\n<div class=\"wp-block-button\"><a class=\"wp-block-button__link has-custom-fond-color has-custom-entourage-background-color has-text-color has-background has-link-color wp-element-button\" href=\"https:\/\/festivaldumenhir.fr\/index.php\/contact\/\"><strong>Contactez-nous<\/strong><\/a><\/div>\n\n\n\n<div class=\"wp-block-button\"><a class=\"wp-block-button__link has-custom-fond-color has-custom-entourage-background-color has-text-color has-background has-link-color wp-element-button\" href=\"http:\/\/festivaldumenhir.fr\/wp-content\/uploads\/2025\/12\/Dossier-Partenariat-et-Mecenat-2026-1.pdf\"><strong>T\u00e9l\u00e9charger le Dossier 2026 (PDF)<\/strong><\/a><\/div>\n<\/div>\n<\/div>\n<\/div>\n\n\n\n<div class=\"wp-block-group is-layout-grid wp-container-core-group-is-layout-0d7989b9 wp-block-group-is-layout-grid\" style=\"padding-top:var(--wp--preset--spacing--10);padding-right:0;padding-bottom:var(--wp--preset--spacing--30);padding-left:var(--wp--preset--spacing--10)\">\n<div class=\"wp-block-group has-global-padding is-content-justification-right is-layout-constrained wp-container-core-group-is-layout-f1f2ed93 wp-block-group-is-layout-constrained\"><div class=\"aligncenter wp-block-site-logo wp-container-content-69bc4bdf\"><a href=\"https:\/\/festivaldumenhir.fr\/\" class=\"custom-logo-link\" rel=\"home\"><img loading=\"lazy\" decoding=\"async\" width=\"104\" height=\"89\" src=\"https:\/\/festivaldumenhir.fr\/wp-content\/uploads\/2025\/11\/IMG-20251115-WA0004-removebg-preview.png\" class=\"custom-logo\" alt=\"Festival du Menhir\" srcset=\"https:\/\/festivaldumenhir.fr\/wp-content\/uploads\/2025\/11\/IMG-20251115-WA0004-removebg-preview.png 500w, https:\/\/festivaldumenhir.fr\/wp-content\/uploads\/2025\/11\/IMG-20251115-WA0004-removebg-preview-300x259.png 300w\" sizes=\"auto, (max-width: 104px) 100vw, 104px\" \/><\/a><\/div><\/div>\n\n\n\n<p class=\"has-text-align-center has-small-font-size\" style=\"padding-top:var(--wp--preset--spacing--20);padding-right:0;padding-bottom:0;padding-left:var(--wp--preset--spacing--30)\">Festival du Menhir <br>44110 Saint-Aubin-des-Ch\u00e2teaux<\/p>\n\n\n\n<p class=\"has-text-align-center has-small-font-size wp-container-content-50b6c326\" style=\"margin-top:var(--wp--preset--spacing--20);margin-right:var(--wp--preset--spacing--30);margin-left:var(--wp--preset--spacing--30)\"><a href=\"https:\/\/festivaldumenhir.fr\/index.php\/2025\/12\/03\/mentions-legales\/\" data-type=\"post\" data-id=\"208\">Mentions l\u00e9gales <\/a><br><a href=\"https:\/\/festivaldumenhir.fr\/index.php\/2025\/12\/03\/cgv\/\" data-type=\"post\" data-id=\"227\">CGV<\/a><\/p>\n\n\n\n<div class=\"wp-block-columns are-vertically-aligned-center is-not-stacked-on-mobile wp-container-content-7fd912ad is-layout-flex wp-container-core-columns-is-layout-28f84493 wp-block-columns-is-layout-flex\">\n<div class=\"wp-block-column is-vertically-aligned-center is-layout-flow wp-block-column-is-layout-flow\">\n<figure class=\"wp-block-image aligncenter size-large is-resized\"><a href=\"https:\/\/www.instagram.com\/festivaldumenhir\/\"><img loading=\"lazy\" decoding=\"async\" width=\"1024\" height=\"768\" src=\"http:\/\/festivaldumenhir.fr\/wp-content\/uploads\/2025\/11\/Instagram-logo-roundet-jedesf-1024x768.png\" alt=\"\" class=\"wp-image-19\" style=\"aspect-ratio:1;object-fit:cover;width:40px\" srcset=\"https:\/\/festivaldumenhir.fr\/wp-content\/uploads\/2025\/11\/Instagram-logo-roundet-jedesf-1024x768.png 1024w, https:\/\/festivaldumenhir.fr\/wp-content\/uploads\/2025\/11\/Instagram-logo-roundet-jedesf-300x225.png 300w, https:\/\/festivaldumenhir.fr\/wp-content\/uploads\/2025\/11\/Instagram-logo-roundet-jedesf-768x576.png 768w, https:\/\/festivaldumenhir.fr\/wp-content\/uploads\/2025\/11\/Instagram-logo-roundet-jedesf-1536x1152.png 1536w, https:\/\/festivaldumenhir.fr\/wp-content\/uploads\/2025\/11\/Instagram-logo-roundet-jedesf.png 1600w\" sizes=\"auto, (max-width: 1024px) 100vw, 1024px\" \/><\/a><\/figure>\n<\/div>\n\n\n\n<div class=\"wp-block-column is-vertically-aligned-center is-layout-flow wp-block-column-is-layout-flow\" style=\"padding-top:0;padding-right:0;padding-bottom:0;padding-left:0\">\n<figure class=\"wp-block-image aligncenter size-large is-resized\" style=\"margin-top:0;margin-right:0;margin-bottom:0\"><a href=\"https:\/\/www.facebook.com\/profile.php?id=61585001060938\"><img loading=\"lazy\" decoding=\"async\" width=\"1024\" height=\"1024\" src=\"http:\/\/festivaldumenhir.fr\/wp-content\/uploads\/2025\/11\/facebook-logo-1024x1024.png\" alt=\"\" class=\"wp-image-280\" style=\"aspect-ratio:1;object-fit:cover;width:40px\" srcset=\"https:\/\/festivaldumenhir.fr\/wp-content\/uploads\/2025\/11\/facebook-logo-1024x1024.png 1024w, https:\/\/festivaldumenhir.fr\/wp-content\/uploads\/2025\/11\/facebook-logo-300x300.png 300w, https:\/\/festivaldumenhir.fr\/wp-content\/uploads\/2025\/11\/facebook-logo-150x150.png 150w, https:\/\/festivaldumenhir.fr\/wp-content\/uploads\/2025\/11\/facebook-logo-768x768.png 768w, https:\/\/festivaldumenhir.fr\/wp-content\/uploads\/2025\/11\/facebook-logo-1536x1536.png 1536w, https:\/\/festivaldumenhir.fr\/wp-content\/uploads\/2025\/11\/facebook-logo.png 2000w\" sizes=\"auto, (max-width: 1024px) 100vw, 1024px\" \/><\/a><\/figure>\n<\/div>\n\n\n\n<div class=\"wp-block-column is-vertically-aligned-center is-layout-flow wp-block-column-is-layout-flow\">\n<figure class=\"wp-block-image aligncenter size-large is-resized\"><a href=\"https:\/\/www.tiktok.com\/@festival.du.menhi\"><img loading=\"lazy\" decoding=\"async\" width=\"1024\" height=\"1024\" src=\"http:\/\/festivaldumenhir.fr\/wp-content\/uploads\/2026\/03\/8e41c3c7e067bf63c317ba7b0d6ce441-1024x1024.png\" alt=\"\" class=\"wp-image-434\" style=\"width:40px\" srcset=\"https:\/\/festivaldumenhir.fr\/wp-content\/uploads\/2026\/03\/8e41c3c7e067bf63c317ba7b0d6ce441-1024x1024.png 1024w, https:\/\/festivaldumenhir.fr\/wp-content\/uploads\/2026\/03\/8e41c3c7e067bf63c317ba7b0d6ce441-300x300.png 300w, https:\/\/festivaldumenhir.fr\/wp-content\/uploads\/2026\/03\/8e41c3c7e067bf63c317ba7b0d6ce441-150x150.png 150w, https:\/\/festivaldumenhir.fr\/wp-content\/uploads\/2026\/03\/8e41c3c7e067bf63c317ba7b0d6ce441-768x768.png 768w, https:\/\/festivaldumenhir.fr\/wp-content\/uploads\/2026\/03\/8e41c3c7e067bf63c317ba7b0d6ce441.png 1080w\" sizes=\"auto, (max-width: 1024px) 100vw, 1024px\" \/><\/a><\/figure>\n<\/div>\n\n\n\n<div class=\"wp-block-column is-layout-flow wp-block-column-is-layout-flow\" style=\"padding-top:var(--wp--preset--spacing--30);padding-bottom:var(--wp--preset--spacing--30)\">\n<figure class=\"wp-block-image size-large is-resized\"><a href=\"https:\/\/www.linkedin.com\/company\/festival-du-menhir\/\"><img loading=\"lazy\" decoding=\"async\" width=\"1024\" height=\"1024\" src=\"http:\/\/festivaldumenhir.fr\/wp-content\/uploads\/2025\/11\/linkedIn_PNG27-1024x1024.png\" alt=\"\" class=\"wp-image-277\" style=\"width:40px\" srcset=\"https:\/\/festivaldumenhir.fr\/wp-content\/uploads\/2025\/11\/linkedIn_PNG27-1024x1024.png 1024w, https:\/\/festivaldumenhir.fr\/wp-content\/uploads\/2025\/11\/linkedIn_PNG27-300x300.png 300w, https:\/\/festivaldumenhir.fr\/wp-content\/uploads\/2025\/11\/linkedIn_PNG27-150x150.png 150w, https:\/\/festivaldumenhir.fr\/wp-content\/uploads\/2025\/11\/linkedIn_PNG27-768x768.png 768w, https:\/\/festivaldumenhir.fr\/wp-content\/uploads\/2025\/11\/linkedIn_PNG27-1536x1536.png 1536w, https:\/\/festivaldumenhir.fr\/wp-content\/uploads\/2025\/11\/linkedIn_PNG27-2048x2048.png 2048w\" sizes=\"auto, (max-width: 1024px) 100vw, 1024px\" \/><\/a><\/figure>\n<\/div>\n<\/div>\n<\/div>\n","protected":false},"excerpt":{"rendered":"<p>PARTENAIRES Un Grand Merci \u00e0 Nos Soutiens ! Le Festival du Menhir est le fruit d&rsquo;une passion partag\u00e9e. Nous sommes fiers de compter sur la confiance et l&rsquo;engagement d&rsquo;acteurs locaux, r\u00e9gionaux et nationaux, qui partagent nos valeurs d&rsquo;ancrage territorial et d&rsquo;\u00e9clectisme. Leur soutien est essentiel \u00e0 la r\u00e9ussite de chaque \u00e9dition. Partenaires Institutionnels Partenaires Priv\u00e9s [&hellip;]<\/p>\n","protected":false},"author":1,"featured_media":0,"parent":0,"menu_order":0,"comment_status":"closed","ping_status":"closed","template":"page-daccueil","meta":{"footnotes":""},"class_list":["post-112","page","type-page","status-publish","hentry"],"jetpack_sharing_enabled":true,"_links":{"self":[{"href":"https:\/\/festivaldumenhir.fr\/index.php\/wp-json\/wp\/v2\/pages\/112","targetHints":{"allow":["GET"]}}],"collection":[{"href":"https:\/\/festivaldumenhir.fr\/index.php\/wp-json\/wp\/v2\/pages"}],"about":[{"href":"https:\/\/festivaldumenhir.fr\/index.php\/wp-json\/wp\/v2\/types\/page"}],"author":[{"embeddable":true,"href":"https:\/\/festivaldumenhir.fr\/index.php\/wp-json\/wp\/v2\/users\/1"}],"replies":[{"embeddable":true,"href":"https:\/\/festivaldumenhir.fr\/index.php\/wp-json\/wp\/v2\/comments?post=112"}],"version-history":[{"count":18,"href":"https:\/\/festivaldumenhir.fr\/index.php\/wp-json\/wp\/v2\/pages\/112\/revisions"}],"predecessor-version":[{"id":444,"href":"https:\/\/festivaldumenhir.fr\/index.php\/wp-json\/wp\/v2\/pages\/112\/revisions\/444"}],"wp:attachment":[{"href":"https:\/\/festivaldumenhir.fr\/index.php\/wp-json\/wp\/v2\/media?parent=112"}],"curies":[{"name":"wp","href":"https:\/\/api.w.org\/{rel}","templated":true}]}}