{"id":115,"date":"2025-12-03T21:00:59","date_gmt":"2025-12-03T21:00:59","guid":{"rendered":"http:\/\/festivaldumenhir.fr\/?page_id=115"},"modified":"2026-01-06T13:15:27","modified_gmt":"2026-01-06T13:15:27","slug":"professionnels","status":"publish","type":"page","link":"https:\/\/festivaldumenhir.fr\/index.php\/professionnels\/","title":{"rendered":"Professionnels"},"content":{"rendered":"\n<h1 class=\"wp-block-heading has-text-align-center has-custom-texte-background-color has-background\" style=\"padding-top:var(--wp--preset--spacing--10);padding-right:0;padding-bottom:0;padding-left:0;font-size:clamp(2.629rem, 2.629rem + ((1vw - 0.2rem) * 3.952), 5rem);\">PROFESSIONNELS<\/h1>\n\n\n\n<p class=\"has-text-align-center has-custom-texte-background-color has-background\" style=\"padding-top:0\">Collaborer avec le Festival<\/p>\n\n\n\n<p class=\"has-text-align-center has-custom-entourage-color has-custom-fond-background-color has-text-color has-background has-link-color wp-elements-24f68814dc52ef1cdbe96196cd3cffa5\" style=\"padding-bottom:0\">Cet espace est d\u00e9di\u00e9 \u00e0 tous les professionnels, m\u00e9dias, prestataires et acteurs culturels souhaitant entrer en contact ou obtenir des informations sp\u00e9cifiques sur l&rsquo;\u00e9dition 2026 du Festival du Menhir.<\/p>\n\n\n\n<div class=\"wp-block-columns has-custom-entourage-color has-custom-fond-background-color has-text-color has-background has-link-color wp-elements-502eb9c56ce7a20799ec960cc0828548 is-layout-flex wp-container-core-columns-is-layout-aa016f2c wp-block-columns-is-layout-flex\" style=\"padding-bottom:var(--wp--preset--spacing--50)\">\n<div class=\"wp-block-column is-layout-flow wp-block-column-is-layout-flow\" style=\"flex-basis:33.34%\">\n<p class=\"has-text-align-center has-custom-fond-color has-custom-menhir-background-color has-text-color has-background has-link-color wp-elements-dea42c25ff796c324d01c68314a24c65\" style=\"margin-top:var(--wp--preset--spacing--10);margin-right:var(--wp--preset--spacing--10);margin-bottom:0;margin-left:var(--wp--preset--spacing--10);padding-top:var(--wp--preset--spacing--10);padding-right:var(--wp--preset--spacing--10);padding-bottom:0;padding-left:var(--wp--preset--spacing--10)\">Acc\u00e8s M\u00e9dia &amp; Presse<\/p>\n\n\n\n<p class=\"has-text-align-center has-custom-fond-color has-custom-menhir-background-color has-text-color has-background has-link-color wp-elements-7c5f8c48612410b0722d8e7fc7c34e23\" style=\"margin-top:0;margin-right:var(--wp--preset--spacing--10);margin-bottom:var(--wp--preset--spacing--10);margin-left:var(--wp--preset--spacing--10);padding-top:0;padding-right:var(--wp--preset--spacing--10);padding-bottom:var(--wp--preset--spacing--10);padding-left:var(--wp--preset--spacing--10)\"><a href=\"mailto:contact@festivaldumenhir.fr\">Nous contacter<\/a><\/p>\n\n\n\n<div class=\"wp-block-buttons is-content-justification-center is-layout-flex wp-container-core-buttons-is-layout-a89b3969 wp-block-buttons-is-layout-flex\">\n<div class=\"wp-block-button\"><a class=\"wp-block-button__link has-custom-fond-color has-custom-entourage-background-color has-text-color has-background has-link-color wp-element-button\" href=\"http:\/\/festivaldumenhir.fr\/wp-content\/uploads\/2026\/01\/Dossier-de-Presse_Kit-Medias.pdf\" style=\"padding-top:var(--wp--preset--spacing--10);padding-right:var(--wp--preset--spacing--20);padding-bottom:var(--wp--preset--spacing--10);padding-left:var(--wp--preset--spacing--20)\"><strong>Dossier de presse 2026<\/strong><\/a><\/div>\n<\/div>\n<\/div>\n\n\n\n<div class=\"wp-block-column is-layout-flow wp-block-column-is-layout-flow\" style=\"flex-basis:33.34%\">\n<p class=\"has-text-align-center has-custom-fond-color has-custom-menhir-background-color has-text-color has-background has-link-color wp-elements-940ec9f451cf4c48750ff4a78fe56103\" style=\"margin-top:var(--wp--preset--spacing--10);margin-right:var(--wp--preset--spacing--10);margin-bottom:0;margin-left:var(--wp--preset--spacing--10);padding-top:var(--wp--preset--spacing--10);padding-right:var(--wp--preset--spacing--10);padding-bottom:0;padding-left:var(--wp--preset--spacing--10)\">Partenariat<\/p>\n\n\n\n<p class=\"has-text-align-center has-custom-fond-color has-custom-menhir-background-color has-text-color has-background has-link-color wp-elements-2204a2f70b26360fbfee289c3279de0a\" style=\"margin-top:0;margin-right:var(--wp--preset--spacing--10);margin-bottom:var(--wp--preset--spacing--10);margin-left:var(--wp--preset--spacing--10);padding-top:0;padding-right:var(--wp--preset--spacing--10);padding-bottom:var(--wp--preset--spacing--10);padding-left:var(--wp--preset--spacing--10)\"><a href=\"https:\/\/festivaldumenhir.fr\/index.php\/partenaires\/\" data-type=\"page\" data-id=\"112\">Plus d&rsquo;informations<\/a><\/p>\n\n\n\n<div class=\"wp-block-buttons is-content-justification-center is-layout-flex wp-container-core-buttons-is-layout-a89b3969 wp-block-buttons-is-layout-flex\">\n<div class=\"wp-block-button\"><a class=\"wp-block-button__link has-custom-fond-color has-custom-entourage-background-color has-text-color has-background has-link-color wp-element-button\" href=\"http:\/\/festivaldumenhir.fr\/wp-content\/uploads\/2025\/12\/Dossier-Partenariat-et-Mecenat-2026-1.pdf\" style=\"padding-top:var(--wp--preset--spacing--10);padding-right:var(--wp--preset--spacing--20);padding-bottom:var(--wp--preset--spacing--10);padding-left:var(--wp--preset--spacing--20)\"><strong>Dossier de partenariat 2026<\/strong><\/a><\/div>\n<\/div>\n<\/div>\n\n\n\n<div class=\"wp-block-column is-layout-flow wp-block-column-is-layout-flow\" style=\"flex-basis:33.34%\">\n<p class=\"has-text-align-center has-custom-fond-color has-custom-menhir-background-color has-text-color has-background has-link-color wp-elements-fae4cf765cea275c3d1ac8892b22c0f1\" style=\"margin-top:var(--wp--preset--spacing--10);margin-right:var(--wp--preset--spacing--10);margin-bottom:0;margin-left:var(--wp--preset--spacing--10);padding-top:var(--wp--preset--spacing--10);padding-right:var(--wp--preset--spacing--10);padding-bottom:var(--wp--preset--spacing--10);padding-left:var(--wp--preset--spacing--10)\">Proposer un Artiste ou un Service<\/p>\n\n\n\n<p class=\"has-custom-menhir-background-color has-background\" style=\"margin-top:0;margin-right:var(--wp--preset--spacing--10);margin-left:var(--wp--preset--spacing--10);padding-top:0;padding-right:0;padding-bottom:0;padding-left:0\"><\/p>\n\n\n\n<div class=\"wp-block-buttons is-content-justification-center is-layout-flex wp-container-core-buttons-is-layout-ecbaa6a1 wp-block-buttons-is-layout-flex\" style=\"margin-top:var(--wp--preset--spacing--10)\">\n<div class=\"wp-block-button\"><a class=\"wp-block-button__link has-custom-fond-color has-custom-entourage-background-color has-text-color has-background has-link-color wp-element-button\" href=\"https:\/\/festivaldumenhir.fr\/index.php\/contact\/\" style=\"padding-top:var(--wp--preset--spacing--10);padding-right:var(--wp--preset--spacing--20);padding-bottom:var(--wp--preset--spacing--10);padding-left:var(--wp--preset--spacing--20)\"><strong>Formulaire de contact<\/strong><\/a><\/div>\n<\/div>\n<\/div>\n<\/div>\n\n\n\n<div class=\"wp-block-group is-layout-grid wp-container-core-group-is-layout-0d7989b9 wp-block-group-is-layout-grid\" style=\"padding-top:var(--wp--preset--spacing--10);padding-right:0;padding-bottom:var(--wp--preset--spacing--30);padding-left:var(--wp--preset--spacing--10)\">\n<div class=\"wp-block-group has-global-padding is-content-justification-right is-layout-constrained wp-container-core-group-is-layout-f1f2ed93 wp-block-group-is-layout-constrained\"><div class=\"aligncenter wp-block-site-logo wp-container-content-69bc4bdf\"><a href=\"https:\/\/festivaldumenhir.fr\/\" class=\"custom-logo-link\" rel=\"home\"><img loading=\"lazy\" decoding=\"async\" width=\"104\" height=\"89\" src=\"https:\/\/festivaldumenhir.fr\/wp-content\/uploads\/2025\/11\/IMG-20251115-WA0004-removebg-preview.png\" class=\"custom-logo\" alt=\"Festival du Menhir\" srcset=\"https:\/\/festivaldumenhir.fr\/wp-content\/uploads\/2025\/11\/IMG-20251115-WA0004-removebg-preview.png 500w, https:\/\/festivaldumenhir.fr\/wp-content\/uploads\/2025\/11\/IMG-20251115-WA0004-removebg-preview-300x259.png 300w\" sizes=\"auto, (max-width: 104px) 100vw, 104px\" \/><\/a><\/div><\/div>\n\n\n\n<p class=\"has-text-align-center has-small-font-size\" style=\"padding-top:var(--wp--preset--spacing--20);padding-right:0;padding-bottom:0;padding-left:var(--wp--preset--spacing--30)\">Festival du Menhir <br>44110 Saint-Aubin-des-Ch\u00e2teaux<\/p>\n\n\n\n<p class=\"has-text-align-center has-small-font-size wp-container-content-50b6c326\" style=\"margin-top:var(--wp--preset--spacing--20);margin-right:var(--wp--preset--spacing--30);margin-left:var(--wp--preset--spacing--30)\"><a href=\"https:\/\/festivaldumenhir.fr\/index.php\/2025\/12\/03\/mentions-legales\/\" data-type=\"post\" data-id=\"208\">Mentions l\u00e9gales <\/a><br><a href=\"https:\/\/festivaldumenhir.fr\/index.php\/2025\/12\/03\/cgv\/\" data-type=\"post\" data-id=\"227\">CGV<\/a><\/p>\n\n\n\n<div class=\"wp-block-columns are-vertically-aligned-center is-not-stacked-on-mobile wp-container-content-7fd912ad is-layout-flex wp-container-core-columns-is-layout-28f84493 wp-block-columns-is-layout-flex\">\n<div class=\"wp-block-column is-vertically-aligned-center is-layout-flow wp-block-column-is-layout-flow\">\n<figure class=\"wp-block-image aligncenter size-large is-resized\"><a href=\"https:\/\/www.instagram.com\/festivaldumenhir\/\"><img loading=\"lazy\" decoding=\"async\" width=\"1024\" height=\"768\" src=\"http:\/\/festivaldumenhir.fr\/wp-content\/uploads\/2025\/11\/Instagram-logo-roundet-jedesf-1024x768.png\" alt=\"\" class=\"wp-image-19\" style=\"aspect-ratio:1;object-fit:cover;width:40px\" srcset=\"https:\/\/festivaldumenhir.fr\/wp-content\/uploads\/2025\/11\/Instagram-logo-roundet-jedesf-1024x768.png 1024w, https:\/\/festivaldumenhir.fr\/wp-content\/uploads\/2025\/11\/Instagram-logo-roundet-jedesf-300x225.png 300w, https:\/\/festivaldumenhir.fr\/wp-content\/uploads\/2025\/11\/Instagram-logo-roundet-jedesf-768x576.png 768w, https:\/\/festivaldumenhir.fr\/wp-content\/uploads\/2025\/11\/Instagram-logo-roundet-jedesf-1536x1152.png 1536w, https:\/\/festivaldumenhir.fr\/wp-content\/uploads\/2025\/11\/Instagram-logo-roundet-jedesf.png 1600w\" sizes=\"auto, (max-width: 1024px) 100vw, 1024px\" \/><\/a><\/figure>\n<\/div>\n\n\n\n<div class=\"wp-block-column is-vertically-aligned-center is-layout-flow wp-block-column-is-layout-flow\" style=\"padding-top:0;padding-right:0;padding-bottom:0;padding-left:0\">\n<figure class=\"wp-block-image aligncenter size-large is-resized\" style=\"margin-top:0;margin-right:0;margin-bottom:0\"><a href=\"https:\/\/www.facebook.com\/profile.php?id=61585001060938\"><img loading=\"lazy\" decoding=\"async\" width=\"1024\" height=\"1024\" src=\"http:\/\/festivaldumenhir.fr\/wp-content\/uploads\/2025\/11\/facebook-logo-1024x1024.png\" alt=\"\" class=\"wp-image-280\" style=\"aspect-ratio:1;object-fit:cover;width:40px\" srcset=\"https:\/\/festivaldumenhir.fr\/wp-content\/uploads\/2025\/11\/facebook-logo-1024x1024.png 1024w, https:\/\/festivaldumenhir.fr\/wp-content\/uploads\/2025\/11\/facebook-logo-300x300.png 300w, https:\/\/festivaldumenhir.fr\/wp-content\/uploads\/2025\/11\/facebook-logo-150x150.png 150w, https:\/\/festivaldumenhir.fr\/wp-content\/uploads\/2025\/11\/facebook-logo-768x768.png 768w, https:\/\/festivaldumenhir.fr\/wp-content\/uploads\/2025\/11\/facebook-logo-1536x1536.png 1536w, https:\/\/festivaldumenhir.fr\/wp-content\/uploads\/2025\/11\/facebook-logo.png 2000w\" sizes=\"auto, (max-width: 1024px) 100vw, 1024px\" \/><\/a><\/figure>\n<\/div>\n\n\n\n<div class=\"wp-block-column is-vertically-aligned-center is-layout-flow wp-block-column-is-layout-flow\">\n<figure class=\"wp-block-image aligncenter size-large is-resized\"><a href=\"https:\/\/www.tiktok.com\/@festival.du.menhi\"><img loading=\"lazy\" decoding=\"async\" width=\"1024\" height=\"1024\" src=\"http:\/\/festivaldumenhir.fr\/wp-content\/uploads\/2026\/03\/8e41c3c7e067bf63c317ba7b0d6ce441-1024x1024.png\" alt=\"\" class=\"wp-image-434\" style=\"width:40px\" srcset=\"https:\/\/festivaldumenhir.fr\/wp-content\/uploads\/2026\/03\/8e41c3c7e067bf63c317ba7b0d6ce441-1024x1024.png 1024w, https:\/\/festivaldumenhir.fr\/wp-content\/uploads\/2026\/03\/8e41c3c7e067bf63c317ba7b0d6ce441-300x300.png 300w, https:\/\/festivaldumenhir.fr\/wp-content\/uploads\/2026\/03\/8e41c3c7e067bf63c317ba7b0d6ce441-150x150.png 150w, https:\/\/festivaldumenhir.fr\/wp-content\/uploads\/2026\/03\/8e41c3c7e067bf63c317ba7b0d6ce441-768x768.png 768w, https:\/\/festivaldumenhir.fr\/wp-content\/uploads\/2026\/03\/8e41c3c7e067bf63c317ba7b0d6ce441.png 1080w\" sizes=\"auto, (max-width: 1024px) 100vw, 1024px\" \/><\/a><\/figure>\n<\/div>\n\n\n\n<div class=\"wp-block-column is-layout-flow wp-block-column-is-layout-flow\" style=\"padding-top:var(--wp--preset--spacing--30);padding-bottom:var(--wp--preset--spacing--30)\">\n<figure class=\"wp-block-image size-large is-resized\"><a href=\"https:\/\/www.linkedin.com\/company\/festival-du-menhir\/\"><img loading=\"lazy\" decoding=\"async\" width=\"1024\" height=\"1024\" src=\"http:\/\/festivaldumenhir.fr\/wp-content\/uploads\/2025\/11\/linkedIn_PNG27-1024x1024.png\" alt=\"\" class=\"wp-image-277\" style=\"width:40px\" srcset=\"https:\/\/festivaldumenhir.fr\/wp-content\/uploads\/2025\/11\/linkedIn_PNG27-1024x1024.png 1024w, https:\/\/festivaldumenhir.fr\/wp-content\/uploads\/2025\/11\/linkedIn_PNG27-300x300.png 300w, https:\/\/festivaldumenhir.fr\/wp-content\/uploads\/2025\/11\/linkedIn_PNG27-150x150.png 150w, https:\/\/festivaldumenhir.fr\/wp-content\/uploads\/2025\/11\/linkedIn_PNG27-768x768.png 768w, https:\/\/festivaldumenhir.fr\/wp-content\/uploads\/2025\/11\/linkedIn_PNG27-1536x1536.png 1536w, https:\/\/festivaldumenhir.fr\/wp-content\/uploads\/2025\/11\/linkedIn_PNG27-2048x2048.png 2048w\" sizes=\"auto, (max-width: 1024px) 100vw, 1024px\" \/><\/a><\/figure>\n<\/div>\n<\/div>\n<\/div>\n","protected":false},"excerpt":{"rendered":"<p>PROFESSIONNELS Collaborer avec le Festival Cet espace est d\u00e9di\u00e9 \u00e0 tous les professionnels, m\u00e9dias, prestataires et acteurs culturels souhaitant entrer en contact ou obtenir des informations sp\u00e9cifiques sur l&rsquo;\u00e9dition 2026 du Festival du Menhir. Acc\u00e8s M\u00e9dia &amp; Presse Nous contacter Partenariat Plus d&rsquo;informations Proposer un Artiste ou un Service<\/p>\n","protected":false},"author":1,"featured_media":0,"parent":0,"menu_order":0,"comment_status":"closed","ping_status":"closed","template":"page-daccueil","meta":{"footnotes":""},"class_list":["post-115","page","type-page","status-publish","hentry"],"jetpack_sharing_enabled":true,"_links":{"self":[{"href":"https:\/\/festivaldumenhir.fr\/index.php\/wp-json\/wp\/v2\/pages\/115","targetHints":{"allow":["GET"]}}],"collection":[{"href":"https:\/\/festivaldumenhir.fr\/index.php\/wp-json\/wp\/v2\/pages"}],"about":[{"href":"https:\/\/festivaldumenhir.fr\/index.php\/wp-json\/wp\/v2\/types\/page"}],"author":[{"embeddable":true,"href":"https:\/\/festivaldumenhir.fr\/index.php\/wp-json\/wp\/v2\/users\/1"}],"replies":[{"embeddable":true,"href":"https:\/\/festivaldumenhir.fr\/index.php\/wp-json\/wp\/v2\/comments?post=115"}],"version-history":[{"count":12,"href":"https:\/\/festivaldumenhir.fr\/index.php\/wp-json\/wp\/v2\/pages\/115\/revisions"}],"predecessor-version":[{"id":359,"href":"https:\/\/festivaldumenhir.fr\/index.php\/wp-json\/wp\/v2\/pages\/115\/revisions\/359"}],"wp:attachment":[{"href":"https:\/\/festivaldumenhir.fr\/index.php\/wp-json\/wp\/v2\/media?parent=115"}],"curies":[{"name":"wp","href":"https:\/\/api.w.org\/{rel}","templated":true}]}}