{"id":137,"date":"2025-12-03T21:24:58","date_gmt":"2025-12-03T21:24:58","guid":{"rendered":"http:\/\/festivaldumenhir.fr\/?page_id=137"},"modified":"2025-12-09T20:43:08","modified_gmt":"2025-12-09T20:43:08","slug":"historique","status":"publish","type":"page","link":"https:\/\/festivaldumenhir.fr\/index.php\/infos-pratiques\/historique\/","title":{"rendered":"Historique"},"content":{"rendered":"\n<h2 class=\"wp-block-heading has-text-align-center has-custom-texte-background-color has-background\" style=\"padding-top:var(--wp--preset--spacing--10);padding-right:0;padding-bottom:0;padding-left:0;font-size:clamp(2.629rem, 2.629rem + ((1vw - 0.2rem) * 3.952), 5rem);\">Historique<\/h2>\n\n\n\n<p class=\"has-text-align-center has-custom-texte-background-color has-background\" style=\"margin-top:0;padding-top:0;padding-bottom:0\"><strong>Du Festi&rsquo;Roc au Festival du Menhir &#8211; De 2006 \u00e0 Aujourd&rsquo;hui !<\/strong><\/p>\n\n\n\n<p class=\"has-text-align-center has-custom-texte-background-color has-background\" style=\"padding-top:0;padding-bottom:var(--wp--preset--spacing--20)\">Une aventure forg\u00e9e par la passion et le terroir<\/p>\n\n\n\n<p class=\"has-text-align-center has-custom-entourage-color has-custom-fond-background-color has-text-color has-background has-link-color wp-elements-31c0d437ebb0ceeab13e20b5b456c07a\">N\u00e9 en <strong>2006<\/strong> de l&rsquo;initiative d&rsquo;un groupe d&rsquo;amis, le Festi&rsquo;Roc puis le Festival du Menhir, est devenu le rendez-vous incontournable de Saint-Aubin-des-Ch\u00e2teaux, en Loire-Atlantique. D\u00e9couvrez les grandes \u00e9tapes qui ont fa\u00e7onn\u00e9 notre identit\u00e9 !<\/p>\n\n\n\n<h3 class=\"wp-block-heading has-text-align-center has-custom-entourage-color has-custom-fond-background-color has-text-color has-background has-link-color wp-elements-76f64edf3946f41f362d64ed7d9c6d83\" style=\"padding-top:var(--wp--preset--spacing--10);padding-bottom:var(--wp--preset--spacing--20)\">nos dates cl\u00e9s<\/h3>\n\n\n\n<ul style=\"padding-top:0;padding-right:var(--wp--preset--spacing--30);padding-bottom:var(--wp--preset--spacing--10);padding-left:var(--wp--preset--spacing--40)\" class=\"wp-block-list has-custom-fond-background-color has-background\">\n<li class=\"has-custom-entourage-color has-text-color has-link-color wp-elements-da4903e3f04974e138b361cfe2d835a0\"><strong>2006 :<\/strong> Cr\u00e9ation du Festi&rsquo;Roc et premi\u00e8re \u00e9dition \u00e0 Saint-Gilles, \u00e0 Saint-Aubin-des-Ch\u00e2teaux avec Matmatah en t\u00eate d&rsquo;affiche.<\/li>\n\n\n\n<li class=\"has-custom-entourage-color has-text-color has-link-color wp-elements-72b3cba4ade46eb6fd5cebb8d84be04d\"><strong>2013 :<\/strong> Arr\u00eat du Festi&rsquo;Roc.<\/li>\n\n\n\n<li class=\"has-custom-entourage-color has-text-color has-link-color wp-elements-bb48a003c62b3d33faba2f063b1cba54\"><strong>2018 :<\/strong> Cr\u00e9ation du Festival du Menhir, au Terrain des Sports, \u00e0 Saint-Aubin-des-Ch\u00e2teaux, avec les Ramoneurs de Menhir !<\/li>\n\n\n\n<li class=\"has-custom-entourage-color has-text-color has-link-color wp-elements-d8294a9676fcf1be011c1a76df3a8a10\"><strong>2020 :<\/strong> Petite pause en raison de la crise sanitaire li\u00e9e au Covid-19.<\/li>\n\n\n\n<li class=\"has-custom-entourage-color has-text-color has-link-color wp-elements-8f872bbbf61d91b4302623f3fc7cdcb4\"><strong>2026 :<\/strong> L&rsquo;histoire continue avec une nouvelle association \u00ab\u00a0Festival du Menhir\u00a0\u00bb ! Rendez-vous pour l&rsquo;\u00e9dition 2026 pour de nouvelles surprises !<\/li>\n<\/ul>\n\n\n\n<h3 class=\"wp-block-heading has-text-align-center has-custom-entourage-color has-custom-fond-background-color has-text-color has-background has-link-color wp-elements-ee91dc2d2f7bd8045a995f35f6b8a4a6\" style=\"padding-top:var(--wp--preset--spacing--10);padding-bottom:var(--wp--preset--spacing--20)\">NOS Valeurs<\/h3>\n\n\n\n<p class=\"has-custom-entourage-color has-custom-fond-background-color has-text-color has-background has-link-color wp-elements-4cb18c9ce404801047bf7fe94783cc7b\" style=\"padding-top:0;padding-bottom:var(--wp--preset--spacing--10)\"><strong>L&rsquo;Ancrage Territorial :<\/strong> Promouvoir les artistes et les acteurs locaux de Saint-Aubin-des-Ch\u00e2teaux et de la r\u00e9gion.<\/p>\n\n\n\n<p class=\"has-custom-entourage-color has-custom-fond-background-color has-text-color has-background has-link-color wp-elements-d2f3e4d958b5a1d9a8f312acfc926e46\" style=\"padding-top:0;padding-bottom:var(--wp--preset--spacing--10)\"><strong>L&rsquo;\u00c9clectisme :<\/strong> Offrir une programmation qui m\u00e9lange les genres et s&rsquo;adresse \u00e0 toutes les g\u00e9n\u00e9rations.<\/p>\n\n\n\n<p class=\"has-custom-entourage-color has-custom-fond-background-color has-text-color has-background has-link-color wp-elements-37def5ec9efa007d2536eb8a6a1bbfbe\" style=\"padding-top:0\"><strong>L&rsquo;Esprit Convivial :<\/strong> Faire du festival un lieu de partage, accessible et familial.<\/p>\n\n\n\n<div class=\"wp-block-group is-layout-grid wp-container-core-group-is-layout-0d7989b9 wp-block-group-is-layout-grid\" style=\"padding-top:var(--wp--preset--spacing--10);padding-right:0;padding-bottom:var(--wp--preset--spacing--30);padding-left:var(--wp--preset--spacing--10)\">\n<div class=\"wp-block-group has-global-padding is-content-justification-right is-layout-constrained wp-container-core-group-is-layout-f1f2ed93 wp-block-group-is-layout-constrained\"><div class=\"aligncenter wp-block-site-logo wp-container-content-69bc4bdf\"><a href=\"https:\/\/festivaldumenhir.fr\/\" class=\"custom-logo-link\" rel=\"home\"><img loading=\"lazy\" decoding=\"async\" width=\"104\" height=\"89\" src=\"https:\/\/festivaldumenhir.fr\/wp-content\/uploads\/2025\/11\/IMG-20251115-WA0004-removebg-preview.png\" class=\"custom-logo\" alt=\"Festival du Menhir\" srcset=\"https:\/\/festivaldumenhir.fr\/wp-content\/uploads\/2025\/11\/IMG-20251115-WA0004-removebg-preview.png 500w, https:\/\/festivaldumenhir.fr\/wp-content\/uploads\/2025\/11\/IMG-20251115-WA0004-removebg-preview-300x259.png 300w\" sizes=\"auto, (max-width: 104px) 100vw, 104px\" \/><\/a><\/div><\/div>\n\n\n\n<p class=\"has-text-align-center has-small-font-size\" style=\"padding-top:var(--wp--preset--spacing--20);padding-right:0;padding-bottom:0;padding-left:var(--wp--preset--spacing--30)\">Festival du Menhir <br>44110 Saint-Aubin-des-Ch\u00e2teaux<\/p>\n\n\n\n<p class=\"has-text-align-center has-small-font-size wp-container-content-50b6c326\" style=\"margin-top:var(--wp--preset--spacing--20);margin-right:var(--wp--preset--spacing--30);margin-left:var(--wp--preset--spacing--30)\"><a href=\"https:\/\/festivaldumenhir.fr\/index.php\/2025\/12\/03\/mentions-legales\/\" data-type=\"post\" data-id=\"208\">Mentions l\u00e9gales <\/a><br><a href=\"https:\/\/festivaldumenhir.fr\/index.php\/2025\/12\/03\/cgv\/\" data-type=\"post\" data-id=\"227\">CGV<\/a><\/p>\n\n\n\n<div class=\"wp-block-columns are-vertically-aligned-center is-not-stacked-on-mobile wp-container-content-7fd912ad is-layout-flex wp-container-core-columns-is-layout-28f84493 wp-block-columns-is-layout-flex\">\n<div class=\"wp-block-column is-vertically-aligned-center is-layout-flow wp-block-column-is-layout-flow\">\n<figure class=\"wp-block-image aligncenter size-large is-resized\"><a href=\"https:\/\/www.instagram.com\/festivaldumenhir\/\"><img loading=\"lazy\" decoding=\"async\" width=\"1024\" height=\"768\" src=\"http:\/\/festivaldumenhir.fr\/wp-content\/uploads\/2025\/11\/Instagram-logo-roundet-jedesf-1024x768.png\" alt=\"\" class=\"wp-image-19\" style=\"aspect-ratio:1;object-fit:cover;width:40px\" srcset=\"https:\/\/festivaldumenhir.fr\/wp-content\/uploads\/2025\/11\/Instagram-logo-roundet-jedesf-1024x768.png 1024w, https:\/\/festivaldumenhir.fr\/wp-content\/uploads\/2025\/11\/Instagram-logo-roundet-jedesf-300x225.png 300w, https:\/\/festivaldumenhir.fr\/wp-content\/uploads\/2025\/11\/Instagram-logo-roundet-jedesf-768x576.png 768w, https:\/\/festivaldumenhir.fr\/wp-content\/uploads\/2025\/11\/Instagram-logo-roundet-jedesf-1536x1152.png 1536w, https:\/\/festivaldumenhir.fr\/wp-content\/uploads\/2025\/11\/Instagram-logo-roundet-jedesf.png 1600w\" sizes=\"auto, (max-width: 1024px) 100vw, 1024px\" \/><\/a><\/figure>\n<\/div>\n\n\n\n<div class=\"wp-block-column is-vertically-aligned-center is-layout-flow wp-block-column-is-layout-flow\" style=\"padding-top:0;padding-right:0;padding-bottom:0;padding-left:0\">\n<figure class=\"wp-block-image aligncenter size-large is-resized\" style=\"margin-top:0;margin-right:0;margin-bottom:0\"><a href=\"https:\/\/www.facebook.com\/profile.php?id=61585001060938\"><img loading=\"lazy\" decoding=\"async\" width=\"1024\" height=\"1024\" src=\"http:\/\/festivaldumenhir.fr\/wp-content\/uploads\/2025\/11\/facebook-logo-1024x1024.png\" alt=\"\" class=\"wp-image-280\" style=\"aspect-ratio:1;object-fit:cover;width:40px\" srcset=\"https:\/\/festivaldumenhir.fr\/wp-content\/uploads\/2025\/11\/facebook-logo-1024x1024.png 1024w, https:\/\/festivaldumenhir.fr\/wp-content\/uploads\/2025\/11\/facebook-logo-300x300.png 300w, https:\/\/festivaldumenhir.fr\/wp-content\/uploads\/2025\/11\/facebook-logo-150x150.png 150w, https:\/\/festivaldumenhir.fr\/wp-content\/uploads\/2025\/11\/facebook-logo-768x768.png 768w, https:\/\/festivaldumenhir.fr\/wp-content\/uploads\/2025\/11\/facebook-logo-1536x1536.png 1536w, https:\/\/festivaldumenhir.fr\/wp-content\/uploads\/2025\/11\/facebook-logo.png 2000w\" sizes=\"auto, (max-width: 1024px) 100vw, 1024px\" \/><\/a><\/figure>\n<\/div>\n\n\n\n<div class=\"wp-block-column is-vertically-aligned-center is-layout-flow wp-block-column-is-layout-flow\">\n<figure class=\"wp-block-image aligncenter size-large is-resized\"><a href=\"https:\/\/www.tiktok.com\/@festival.du.menhi\"><img loading=\"lazy\" decoding=\"async\" width=\"1024\" height=\"1024\" src=\"http:\/\/festivaldumenhir.fr\/wp-content\/uploads\/2026\/03\/8e41c3c7e067bf63c317ba7b0d6ce441-1024x1024.png\" alt=\"\" class=\"wp-image-434\" style=\"width:40px\" srcset=\"https:\/\/festivaldumenhir.fr\/wp-content\/uploads\/2026\/03\/8e41c3c7e067bf63c317ba7b0d6ce441-1024x1024.png 1024w, https:\/\/festivaldumenhir.fr\/wp-content\/uploads\/2026\/03\/8e41c3c7e067bf63c317ba7b0d6ce441-300x300.png 300w, https:\/\/festivaldumenhir.fr\/wp-content\/uploads\/2026\/03\/8e41c3c7e067bf63c317ba7b0d6ce441-150x150.png 150w, https:\/\/festivaldumenhir.fr\/wp-content\/uploads\/2026\/03\/8e41c3c7e067bf63c317ba7b0d6ce441-768x768.png 768w, https:\/\/festivaldumenhir.fr\/wp-content\/uploads\/2026\/03\/8e41c3c7e067bf63c317ba7b0d6ce441.png 1080w\" sizes=\"auto, (max-width: 1024px) 100vw, 1024px\" \/><\/a><\/figure>\n<\/div>\n\n\n\n<div class=\"wp-block-column is-layout-flow wp-block-column-is-layout-flow\" style=\"padding-top:var(--wp--preset--spacing--30);padding-bottom:var(--wp--preset--spacing--30)\">\n<figure class=\"wp-block-image size-large is-resized\"><a href=\"https:\/\/www.linkedin.com\/company\/festival-du-menhir\/\"><img loading=\"lazy\" decoding=\"async\" width=\"1024\" height=\"1024\" src=\"http:\/\/festivaldumenhir.fr\/wp-content\/uploads\/2025\/11\/linkedIn_PNG27-1024x1024.png\" alt=\"\" class=\"wp-image-277\" style=\"width:40px\" srcset=\"https:\/\/festivaldumenhir.fr\/wp-content\/uploads\/2025\/11\/linkedIn_PNG27-1024x1024.png 1024w, https:\/\/festivaldumenhir.fr\/wp-content\/uploads\/2025\/11\/linkedIn_PNG27-300x300.png 300w, https:\/\/festivaldumenhir.fr\/wp-content\/uploads\/2025\/11\/linkedIn_PNG27-150x150.png 150w, https:\/\/festivaldumenhir.fr\/wp-content\/uploads\/2025\/11\/linkedIn_PNG27-768x768.png 768w, https:\/\/festivaldumenhir.fr\/wp-content\/uploads\/2025\/11\/linkedIn_PNG27-1536x1536.png 1536w, https:\/\/festivaldumenhir.fr\/wp-content\/uploads\/2025\/11\/linkedIn_PNG27-2048x2048.png 2048w\" sizes=\"auto, (max-width: 1024px) 100vw, 1024px\" \/><\/a><\/figure>\n<\/div>\n<\/div>\n<\/div>\n","protected":false},"excerpt":{"rendered":"<p>Historique Du Festi&rsquo;Roc au Festival du Menhir &#8211; De 2006 \u00e0 Aujourd&rsquo;hui ! Une aventure forg\u00e9e par la passion et le terroir N\u00e9 en 2006 de l&rsquo;initiative d&rsquo;un groupe d&rsquo;amis, le Festi&rsquo;Roc puis le Festival du Menhir, est devenu le rendez-vous incontournable de Saint-Aubin-des-Ch\u00e2teaux, en Loire-Atlantique. D\u00e9couvrez les grandes \u00e9tapes qui ont fa\u00e7onn\u00e9 notre identit\u00e9 [&hellip;]<\/p>\n","protected":false},"author":1,"featured_media":0,"parent":109,"menu_order":0,"comment_status":"closed","ping_status":"closed","template":"page-daccueil","meta":{"footnotes":""},"class_list":["post-137","page","type-page","status-publish","hentry"],"jetpack_sharing_enabled":true,"_links":{"self":[{"href":"https:\/\/festivaldumenhir.fr\/index.php\/wp-json\/wp\/v2\/pages\/137","targetHints":{"allow":["GET"]}}],"collection":[{"href":"https:\/\/festivaldumenhir.fr\/index.php\/wp-json\/wp\/v2\/pages"}],"about":[{"href":"https:\/\/festivaldumenhir.fr\/index.php\/wp-json\/wp\/v2\/types\/page"}],"author":[{"embeddable":true,"href":"https:\/\/festivaldumenhir.fr\/index.php\/wp-json\/wp\/v2\/users\/1"}],"replies":[{"embeddable":true,"href":"https:\/\/festivaldumenhir.fr\/index.php\/wp-json\/wp\/v2\/comments?post=137"}],"version-history":[{"count":17,"href":"https:\/\/festivaldumenhir.fr\/index.php\/wp-json\/wp\/v2\/pages\/137\/revisions"}],"predecessor-version":[{"id":331,"href":"https:\/\/festivaldumenhir.fr\/index.php\/wp-json\/wp\/v2\/pages\/137\/revisions\/331"}],"up":[{"embeddable":true,"href":"https:\/\/festivaldumenhir.fr\/index.php\/wp-json\/wp\/v2\/pages\/109"}],"wp:attachment":[{"href":"https:\/\/festivaldumenhir.fr\/index.php\/wp-json\/wp\/v2\/media?parent=137"}],"curies":[{"name":"wp","href":"https:\/\/api.w.org\/{rel}","templated":true}]}}